{"id":10048,"date":"2023-11-20T21:23:44","date_gmt":"2023-11-20T21:23:44","guid":{"rendered":"https:\/\/dev-e.kosmolat.eu\/product\/claire-mb-matejoss-krems-kopsana-norm-komb-adai-50-ml\/"},"modified":"2024-01-10T08:52:20","modified_gmt":"2024-01-10T08:52:20","slug":"claire-mb-matejoss-krems-kopsana-norm-komb-adai-50-ml","status":"publish","type":"product","link":"https:\/\/dev-e.kosmolat.eu\/lv\/product\/claire-mb-matejoss-krems-kopsana-norm-komb-adai-50-ml\/","title":{"rendered":"Claire MB Mat\u0113jo\u0161s kr\u0113ms-kop\u0161ana norm.komb.\u0101dai,, 50 ml"},"content":{"rendered":"<p>Produkts ar maigu tekst\u016bru un ilgsto\u0161u mat\u0113jo\u0161u efektu. Mazina redzam\u0101s nepiln\u012bbas un izl\u012bdzina \u0101das toni. Dzi\u013ci mitrina, neaizsprostojot poras, un saglab\u0101 \u0101du mat\u0113tu visas dienas garum\u0101. Piem\u0113rots lieto\u0161anai ka makij\u0101\u017eas pamats.<\/p>\n<ul>\n<li>Unik\u0101l\u0101 divu prebiotiku kombin\u0101cija 2 PREBIO kompleks\u0101 atjauno \u0101das dabisko mikrobiomu, nodro\u0161ina labv\u0113l\u012bgu vidi labo probiotiku att\u012bst\u012bbai un aug\u0161anai, t\u0101d\u0113j\u0101di kav\u0113jot patog\u0113no bakt\u0113riju aug\u0161anu. Rezult\u0101ts ir skaista un vesel\u012bga \u0101da.&nbsp;<\/li>\n<li>Da\u017e\u0101du molekulmasu hialuronsk\u0101bju kombin\u0101cija nodro\u0161ina \u0101tru un efekt\u012bvu \u0101das mitrin\u0101\u0161anu \u0161\u016bnu l\u012bmen\u012b.<\/li>\n<li>Niacinam\u012bds stimul\u0113 epidermas dabisk\u0101s atjauno\u0161an\u0101s procesus, izl\u012bdzina \u0101das reljefu un uzlabo tonusu, regul\u0113 sebuma izdal\u012b\u0161anos, savelk poras, nov\u0113r\u0161 izsitumu ra\u0161anos.<\/li>\n<li>Hohobas un v\u012bnogu kauli\u0146u e\u013c\u013cas nodro\u0161ina \u0101das aizsargsl\u0101ni un neatst\u0101j taukainu sp\u012bdumu, &nbsp;m\u012bkstina \u0101du, nov\u0113r\u0161 \u0101das p\u0101rm\u0113r\u012bgu iz\u017e\u016b\u0161anu, k\u0101 ar\u012b d\u0101v\u0101 vesel\u012bgu izskatu.<\/li>\n<\/ul>\n<p><strong>Lieto\u0161ana: <\/strong>uzkl\u0101jiet nelielu daudzumu mat\u0113jo\u0161\u0101 kr\u0113ma gar mas\u0101\u017eas l\u012bnij\u0101m uz att\u012br\u012btas sejas \u0101das, l\u012bdz kr\u0113ms piln\u012bb\u0101 uzs\u016bcas. Piem\u0113rots lieto\u0161anai no r\u012bta un vakar\u0101.<\/p>\n<p>Uzglab\u0101t temperat\u016br\u0101 no +5 &deg;C l\u012bdz +25 &deg;C.<br \/>\n&nbsp;<\/p>\n","protected":false},"excerpt":{"rendered":"<p>Produkts ar maigu tekst\u016bru un ilgsto\u0161u mat\u0113jo\u0161u efektu. Mazina redzam\u0101s nepiln\u012bbas un izl\u012bdzina \u0101das toni. Dzi\u013ci mitrina, neaizsprostojot poras, un saglab\u0101 \u0101du mat\u0113tu visas dienas garum\u0101. Piem\u0113rots lieto\u0161anai ka makij\u0101\u017eas pamats. Unik\u0101l\u0101 divu prebiotiku kombin\u0101cija 2 PREBIO kompleks\u0101 atjauno \u0101das dabisko mikrobiomu, nodro\u0161ina labv\u0113l\u012bgu vidi labo probiotiku att\u012bst\u012bbai un aug\u0161anai, t\u0101d\u0113j\u0101di kav\u0113jot patog\u0113no bakt\u0113riju aug\u0161anu. [&#8230;]\n","protected":false},"featured_media":10052,"template":"","meta":[],"product_cat":[15],"product_tag":[],"class_list":["post-10048","product","type-product","status-publish","has-post-thumbnail","product_brand-dilis-kosmetik","product_cat-uncategorized","first","instock","taxable","shipping-taxable","product-type-simple"],"_links":{"self":[{"href":"https:\/\/dev-e.kosmolat.eu\/lv\/wp-json\/wp\/v2\/product\/10048","targetHints":{"allow":["GET"]}}],"collection":[{"href":"https:\/\/dev-e.kosmolat.eu\/lv\/wp-json\/wp\/v2\/product"}],"about":[{"href":"https:\/\/dev-e.kosmolat.eu\/lv\/wp-json\/wp\/v2\/types\/product"}],"wp:featuredmedia":[{"embeddable":true,"href":"https:\/\/dev-e.kosmolat.eu\/lv\/wp-json\/wp\/v2\/media\/10052"}],"wp:attachment":[{"href":"https:\/\/dev-e.kosmolat.eu\/lv\/wp-json\/wp\/v2\/media?parent=10048"}],"wp:term":[{"taxonomy":"product_cat","embeddable":true,"href":"https:\/\/dev-e.kosmolat.eu\/lv\/wp-json\/wp\/v2\/product_cat?post=10048"},{"taxonomy":"product_tag","embeddable":true,"href":"https:\/\/dev-e.kosmolat.eu\/lv\/wp-json\/wp\/v2\/product_tag?post=10048"}],"curies":[{"name":"wp","href":"https:\/\/api.w.org\/{rel}","templated":true}]}}