{"id":11653,"date":"2023-11-22T01:34:31","date_gmt":"2023-11-22T01:34:31","guid":{"rendered":"https:\/\/dev-e.kosmolat.eu\/product\/biosun-saules-aizsargkrems-spf-45-120-ml\/"},"modified":"2024-01-10T08:20:04","modified_gmt":"2024-01-10T08:20:04","slug":"biosun-saules-aizsargkrems-spf-45-120-ml","status":"publish","type":"product","link":"https:\/\/dev-e.kosmolat.eu\/lv\/product\/biosun-saules-aizsargkrems-spf-45-120-ml\/","title":{"rendered":"Biosun Saules aizsargkr\u0113ms SPF 45, 120 ml"},"content":{"rendered":"<p>Kr\u0113mam ar SPF 45 filtru ir viegla tekst\u016bra, tas \u0101tri uzs\u016bcas \u0101d\u0101 un ilgsto\u0161i aizsarg\u0101 no ultraviolet\u0101 starojuma kait\u012bg\u0101s ietekmes. \u012apa\u0161a \u016bdensiztur\u012bga formula ar UVA un UVB filtriem, pantenolu un alanto\u012bnu nodro\u0161ina komfortablu uztur\u0113\u0161anos saul\u0113, pa\u0101trina \u0161\u016bnu atjauno\u0161anos, uztur dabisko \u0101das mitrumu un nov\u0113r\u0161 fotonoveco\u0161anos. Persiku e\u013c\u013ca m\u012bkstina un baro \u0101du, pal\u012bdz nov\u0113rst \u0101das lob\u012b\u0161anos un iz\u017e\u016b\u0161anu, padarot to maigu un samtainu.<\/p>\n<p><strong>Lieto\u0161ana:<\/strong> uzkl\u0101t l\u012bdzekli 15-20 min\u016btes pirms izie\u0161anas saul\u0113. Ik pa laikam uzkl\u0101t atk\u0101rtoti, lai saglab\u0101tu aizsardz\u012bbu, jo \u012bpa\u0161i p\u0113c sv\u012b\u0161anas, peld\u0113\u0161an\u0101s vai slauc\u012b\u0161an\u0101s dviel\u012b.<\/p>\n<p><strong>Br\u012bdin\u0101jums:<\/strong> Lietojot maz\u0101ku daudzumu, aizsardz\u012bbas l\u012bmenis iev\u0113rojami samazin\u0101sies. Neuztur\u0113ties p\u0101r\u0101k ilgi saul\u0113, pat lietojot sau\u013co\u0161an\u0101s l\u012bdzekli. P\u0101rm\u0113r\u012bga saules iedarb\u012bba rada nopietnus draudus vesel\u012bbai.&nbsp;<\/p>\n<p><strong>Piesardz\u012bbas pas\u0101kumi:<\/strong> tikai \u0101r\u012bgai lieto\u0161anai. Uzglab\u0101t b\u0113rniem un m\u0101jdz\u012bvniekiem nepieejam\u0101 viet\u0101.<\/p>\n<p>Uzglab\u0101t temperat\u016br\u0101 no +5 &deg;\u0421 l\u012bdz +25 &deg;\u0421.<\/p>\n<p><strong>Der\u012bguma termi\u0146\u0161: <\/strong>36 m\u0113ne\u0161i.<br \/>\n&nbsp;<\/p>\n","protected":false},"excerpt":{"rendered":"<p>Kr\u0113mam ar SPF 45 filtru ir viegla tekst\u016bra, tas \u0101tri uzs\u016bcas \u0101d\u0101 un ilgsto\u0161i aizsarg\u0101 no ultraviolet\u0101 starojuma kait\u012bg\u0101s ietekmes. \u012apa\u0161a \u016bdensiztur\u012bga formula ar UVA un UVB filtriem, pantenolu un alanto\u012bnu nodro\u0161ina komfortablu uztur\u0113\u0161anos saul\u0113, pa\u0101trina \u0161\u016bnu atjauno\u0161anos, uztur dabisko \u0101das mitrumu un nov\u0113r\u0161 fotonoveco\u0161anos. Persiku e\u013c\u013ca m\u012bkstina un baro \u0101du, pal\u012bdz nov\u0113rst \u0101das lob\u012b\u0161anos [&#8230;]\n","protected":false},"featured_media":11657,"template":"","meta":[],"product_cat":[386],"product_tag":[],"class_list":["post-11653","product","type-product","status-publish","has-post-thumbnail","product_brand-bioton","product_cat-saulosanas-kosmetika-kermena-kopsana","first","instock","taxable","shipping-taxable","product-type-simple"],"_links":{"self":[{"href":"https:\/\/dev-e.kosmolat.eu\/lv\/wp-json\/wp\/v2\/product\/11653","targetHints":{"allow":["GET"]}}],"collection":[{"href":"https:\/\/dev-e.kosmolat.eu\/lv\/wp-json\/wp\/v2\/product"}],"about":[{"href":"https:\/\/dev-e.kosmolat.eu\/lv\/wp-json\/wp\/v2\/types\/product"}],"wp:featuredmedia":[{"embeddable":true,"href":"https:\/\/dev-e.kosmolat.eu\/lv\/wp-json\/wp\/v2\/media\/11657"}],"wp:attachment":[{"href":"https:\/\/dev-e.kosmolat.eu\/lv\/wp-json\/wp\/v2\/media?parent=11653"}],"wp:term":[{"taxonomy":"product_cat","embeddable":true,"href":"https:\/\/dev-e.kosmolat.eu\/lv\/wp-json\/wp\/v2\/product_cat?post=11653"},{"taxonomy":"product_tag","embeddable":true,"href":"https:\/\/dev-e.kosmolat.eu\/lv\/wp-json\/wp\/v2\/product_tag?post=11653"}],"curies":[{"name":"wp","href":"https:\/\/api.w.org\/{rel}","templated":true}]}}