{"id":20853,"date":"2023-11-22T17:11:02","date_gmt":"2023-11-22T17:11:02","guid":{"rendered":"https:\/\/dev-e.kosmolat.eu\/product\/ld-stem-cells-dienas-krems-eksperts-sejai-intensiva-atjauninasana-50-g\/"},"modified":"2024-01-09T21:23:51","modified_gmt":"2024-01-09T21:23:51","slug":"ld-stem-cells-dienas-krems-eksperts-sejai-intensiva-atjauninasana-50-g","status":"publish","type":"product","link":"https:\/\/dev-e.kosmolat.eu\/lv\/product\/ld-stem-cells-dienas-krems-eksperts-sejai-intensiva-atjauninasana-50-g\/","title":{"rendered":"LD Stem Cells Dienas kr\u0113ms-eksperts sejai Intens\u012bv\u0101 atjaunin\u0101\u0161ana, 50 g"},"content":{"rendered":"<p>Kr\u0113ms-eksperts nodro\u0161ina \u0101dai nepiecie\u0161amu mitrumu un barojo\u0161\u0101s vielas, atgrie\u017e tai tvirtumu un uztur optim\u0101l\u0101 st\u0101vokl\u012b visas dienas garum\u0101. Inovat\u012bv\u0101 formula uz s\u016bnu cilmes \u0161\u016bnu pamata ir v\u0113rsta uz \u0101das jaun\u012bbas saglab\u0101\u0161anu, tonusa paaugstin\u0101\u0161anu, sejas kont\u016bru stiprin\u0101\u0161anu un aizsardz\u012bbu pret fotonoveco\u0161anu pateicoties saules aizsarg\u0101jo\u0161iem filtriem (SPF 25). Kr\u0113ma pamat\u0101 ir nekamedog\u0113n\u0101s e\u013c\u013cas, kas \u013cauj lietot kr\u0113mu cilv\u0113kiem ar jebkuru \u0101das tipu.\u00a0\u00a0<\/p>\n<p>MossCellTec  s\u016bnu cilmes \u0161\u016bnu komplekss: Uztur \u0161\u016bnu kodolu vesel\u012bbu \u0101das jaun\u012bbas nodro\u0161in\u0101\u0161anai; Uzlabo \u0101das mitrumu; Pilnveido \u0101das toni un reljefu; Pastiprina \u0101das iztur\u012bbu pret \u0101r\u0113j\u0101s vides nelabv\u0113l\u012bgu iedarb\u012bbu.\n<\/p>\n<p>Argana un \u017eo\u017eoba e\u013c\u013ca m\u012bkstina, baro un izl\u012bdzina \u0101du, atgrie\u017e \u0101dai atlasa gludumu un maigumu.\n<\/p>\n<p>\u012arisa un dz\u0113rve\u0146u ekstrakti, bag\u0101ti ar antioksidantiem, nomierina \u0101du, mitrina, veicina poru sa\u0161aurin\u0101\u0161anu, padara \u0101du elast\u012bg\u0101ku un tvirtu, bet sejas kr\u0101su vienm\u0113r\u012bgu.\n<\/p>\n<p>Lieto\u0161ana: uzkl\u0101jiet kr\u0113mu uz att\u012br\u012btas sejas, kakla un dekolt\u0113 \u0101das, izsm\u0113r\u0113jot to l\u012bdz t\u0101 piln\u012bgi uzs\u016bcas. Uzglab\u0101t temperat\u016br\u0101 no 0\u00b0C l\u012bdz +25\u00b0C.<\/p>\n","protected":false},"excerpt":{"rendered":"<p>Kr\u0113ms-eksperts nodro\u0161ina \u0101dai nepiecie\u0161amu mitrumu un barojo\u0161\u0101s vielas, atgrie\u017e tai tvirtumu un uztur optim\u0101l\u0101 st\u0101vokl\u012b visas dienas garum\u0101. Inovat\u012bv\u0101 formula uz s\u016bnu cilmes \u0161\u016bnu pamata ir v\u0113rsta uz \u0101das jaun\u012bbas saglab\u0101\u0161anu, tonusa paaugstin\u0101\u0161anu, sejas kont\u016bru stiprin\u0101\u0161anu un aizsardz\u012bbu pret fotonoveco\u0161anu pateicoties saules aizsarg\u0101jo\u0161iem filtriem (SPF 25). Kr\u0113ma pamat\u0101 ir nekamedog\u0113n\u0101s e\u013c\u013cas, kas \u013cauj lietot kr\u0113mu [&#8230;]\n","protected":false},"featured_media":20857,"template":"","meta":[],"product_cat":[323],"product_tag":[],"class_list":["post-20853","product","type-product","status-publish","has-post-thumbnail","product_brand-belgates","product_cat-sejas-kremi","first","instock","taxable","shipping-taxable","product-type-simple"],"_links":{"self":[{"href":"https:\/\/dev-e.kosmolat.eu\/lv\/wp-json\/wp\/v2\/product\/20853","targetHints":{"allow":["GET"]}}],"collection":[{"href":"https:\/\/dev-e.kosmolat.eu\/lv\/wp-json\/wp\/v2\/product"}],"about":[{"href":"https:\/\/dev-e.kosmolat.eu\/lv\/wp-json\/wp\/v2\/types\/product"}],"wp:featuredmedia":[{"embeddable":true,"href":"https:\/\/dev-e.kosmolat.eu\/lv\/wp-json\/wp\/v2\/media\/20857"}],"wp:attachment":[{"href":"https:\/\/dev-e.kosmolat.eu\/lv\/wp-json\/wp\/v2\/media?parent=20853"}],"wp:term":[{"taxonomy":"product_cat","embeddable":true,"href":"https:\/\/dev-e.kosmolat.eu\/lv\/wp-json\/wp\/v2\/product_cat?post=20853"},{"taxonomy":"product_tag","embeddable":true,"href":"https:\/\/dev-e.kosmolat.eu\/lv\/wp-json\/wp\/v2\/product_tag?post=20853"}],"curies":[{"name":"wp","href":"https:\/\/api.w.org\/{rel}","templated":true}]}}